{"id":6941,"date":"2024-04-30T10:17:21","date_gmt":"2024-04-30T08:17:21","guid":{"rendered":"https:\/\/anasta.fr\/?page_id=6941"},"modified":"2024-04-30T10:20:05","modified_gmt":"2024-04-30T08:20:05","slug":"les-procedures-collectives","status":"publish","type":"page","link":"https:\/\/anasta.fr\/en\/les-procedures-collectives\/","title":{"rendered":"Les proc\u00e9dures collectives"},"content":{"rendered":"<div data-elementor-type=\"wp-post\" data-elementor-id=\"6941\" class=\"elementor elementor-6941\">\n\t\t\t\t\t\t\t\t\t<section class=\"elementor-section elementor-top-section elementor-element elementor-element-5a38dcd elementor-section-boxed elementor-section-height-default elementor-section-height-default\" data-id=\"5a38dcd\" data-element_type=\"section\">\n\t\t\t\t\t\t<div class=\"elementor-container elementor-column-gap-default\">\n\t\t\t\t\t<div class=\"elementor-column elementor-col-50 elementor-top-column elementor-element elementor-element-3c5b540\" data-id=\"3c5b540\" data-element_type=\"column\">\n\t\t\t<div class=\"elementor-widget-wrap elementor-element-populated\">\n\t\t\t\t\t\t\t\t<div class=\"elementor-element elementor-element-6b4ea21 elementor-widget elementor-widget-gva-heading-block\" data-id=\"6b4ea21\" data-element_type=\"widget\" data-widget_type=\"gva-heading-block.default\">\n\t\t\t\t<div class=\"elementor-widget-container\">\n\t\t\t<div class=\"gva-element-gva-heading-block gva-element\">   <div class=\"align-left style-1 widget gsc-heading\">\r\n      <div class=\"content-inner\">\r\n         \r\n                  \r\n                     <div class=\"sub-title\"><span>Qu&#039;est ce que<\/span><\/div>\r\n           \r\n         \r\n                     <h2 class=\"title\">\r\n               <span>Les proc\u00e9dures collectives <\/span>\r\n            <\/h2>\r\n                              <div class=\"title-desc\"><p>Les proc\u00e9dures collectives, applicables \u00e0 toute personne exer\u00e7ant une activit\u00e9 commerciale, artisanale, agricole, ou toute autre activit\u00e9 professionnelle ind\u00e9pendante, y compris les professions lib\u00e9rales r\u00e9glement\u00e9es ou les personnes morales de droit priv\u00e9, se d\u00e9roulent devant le Tribunal de commerce et visent \u00e0 r\u00e9pondre aux difficult\u00e9s rencontr\u00e9es par une soci\u00e9t\u00e9 commerciale, une association ou toute autre entit\u00e9 concern\u00e9e.<\/p><\/div>\r\n         \r\n         \r\n      <\/div>\r\n   <\/div>\r\n   <div class=\"clearfix\"><\/div>\r\n<\/div>\t\t<\/div>\n\t\t\t\t<\/div>\n\t\t\t\t\t<\/div>\n\t\t<\/div>\n\t\t\t\t<div class=\"elementor-column elementor-col-50 elementor-top-column elementor-element elementor-element-1193868\" data-id=\"1193868\" data-element_type=\"column\">\n\t\t\t<div class=\"elementor-widget-wrap elementor-element-populated\">\n\t\t\t\t\t\t\t\t<div class=\"elementor-element elementor-element-7d8b67c elementor-widget elementor-widget-image\" data-id=\"7d8b67c\" data-element_type=\"widget\" data-widget_type=\"image.default\">\n\t\t\t\t<div class=\"elementor-widget-container\">\n\t\t\t<style>\/*! elementor - v3.17.0 - 01-11-2023 *\/\n.elementor-widget-image{text-align:center}.elementor-widget-image a{display:inline-block}.elementor-widget-image a img[src$=\".svg\"]{width:48px}.elementor-widget-image img{vertical-align:middle;display:inline-block}<\/style>\t\t\t\t\t\t\t\t\t\t\t\t<img loading=\"lazy\" decoding=\"async\" width=\"570\" height=\"701\" src=\"https:\/\/anasta.fr\/wp-content\/uploads\/2019\/05\/video-1.jpg\" class=\"attachment-large size-large wp-image-5060\" alt=\"\" \/>\t\t\t\t\t\t\t\t\t\t\t\t\t\t\t<\/div>\n\t\t\t\t<\/div>\n\t\t\t\t\t<\/div>\n\t\t<\/div>\n\t\t\t\t\t\t\t<\/div>\n\t\t<\/section>\n\t\t\t\t<section class=\"elementor-section elementor-top-section elementor-element elementor-element-f128c41 elementor-section-boxed elementor-section-height-default elementor-section-height-default\" data-id=\"f128c41\" data-element_type=\"section\" data-settings=\"{&quot;background_background&quot;:&quot;classic&quot;}\">\n\t\t\t\t\t\t<div class=\"elementor-container elementor-column-gap-default\">\n\t\t\t\t\t<div class=\"elementor-column elementor-col-100 elementor-top-column elementor-element elementor-element-da40339\" data-id=\"da40339\" data-element_type=\"column\">\n\t\t\t<div class=\"elementor-widget-wrap elementor-element-populated\">\n\t\t\t\t\t\t\t\t<div class=\"elementor-element elementor-element-f41a7c5 elementor-widget elementor-widget-gva-heading-block\" data-id=\"f41a7c5\" data-element_type=\"widget\" data-widget_type=\"gva-heading-block.default\">\n\t\t\t\t<div class=\"elementor-widget-container\">\n\t\t\t<div class=\"gva-element-gva-heading-block gva-element\">   <div class=\"align-left style-1 widget gsc-heading\">\r\n      <div class=\"content-inner\">\r\n         \r\n                  \r\n                     <div class=\"sub-title\"><span>Quel est <\/span><\/div>\r\n           \r\n         \r\n                     <h2 class=\"title\">\r\n               <span>L'int\u00e9r\u00eat <\/span>\r\n            <\/h2>\r\n                  \r\n         \r\n      <\/div>\r\n   <\/div>\r\n   <div class=\"clearfix\"><\/div>\r\n<\/div>\t\t<\/div>\n\t\t\t\t<\/div>\n\t\t\t\t<div class=\"elementor-element elementor-element-c2b9a22 elementor-widget elementor-widget-text-editor\" data-id=\"c2b9a22\" data-element_type=\"widget\" data-widget_type=\"text-editor.default\">\n\t\t\t\t<div class=\"elementor-widget-container\">\n\t\t\t<style>\/*! elementor - v3.17.0 - 01-11-2023 *\/\n.elementor-widget-text-editor.elementor-drop-cap-view-stacked .elementor-drop-cap{background-color:#69727d;color:#fff}.elementor-widget-text-editor.elementor-drop-cap-view-framed .elementor-drop-cap{color:#69727d;border:3px solid;background-color:transparent}.elementor-widget-text-editor:not(.elementor-drop-cap-view-default) .elementor-drop-cap{margin-top:8px}.elementor-widget-text-editor:not(.elementor-drop-cap-view-default) .elementor-drop-cap-letter{width:1em;height:1em}.elementor-widget-text-editor .elementor-drop-cap{float:left;text-align:center;line-height:1;font-size:50px}.elementor-widget-text-editor .elementor-drop-cap-letter{display:inline-block}<\/style>\t\t\t\t<p>Ces proc\u00e9dures permettent de geler le passif ant\u00e9rieur\u00a0\u00e0 la date du jugement d\u2019ouverture de la proc\u00e9dure et d\u2019ouvrir une p\u00e9riode d\u2019observation pendant laquelle la soci\u00e9t\u00e9 pourra continuer son activit\u00e9 sans le poids de son passif ant\u00e9rieur.<\/p><p>Ces proc\u00e9dures diff\u00e8rent en fonction de la situation de la soci\u00e9t\u00e9 mais elles visent toutes \u00e0 la poursuite de l\u2019activit\u00e9 de l\u2019entreprise, au maintien de l\u2019emploi et \u00e0 l\u2019apurement des dettes.<\/p>\t\t\t\t\t\t<\/div>\n\t\t\t\t<\/div>\n\t\t\t\t\t<\/div>\n\t\t<\/div>\n\t\t\t\t\t\t\t<\/div>\n\t\t<\/section>\n\t\t\t\t\t\t\t<\/div>","protected":false},"excerpt":{"rendered":"<p>Qu&#039;est ce que Les proc\u00e9dures collectives Les proc\u00e9dures collectives, applicables \u00e0 toute personne exer\u00e7ant une activit\u00e9 commerciale, artisanale, agricole, ou toute autre activit\u00e9 professionnelle ind\u00e9pendante, y compris les professions lib\u00e9rales r\u00e9glement\u00e9es ou les personnes morales de droit priv\u00e9, se d\u00e9roulent devant le Tribunal de commerce et visent \u00e0 r\u00e9pondre aux difficult\u00e9s rencontr\u00e9es par une soci\u00e9t\u00e9 [&hellip;]<\/p>","protected":false},"author":1,"featured_media":0,"parent":0,"menu_order":0,"comment_status":"closed","ping_status":"closed","template":"","meta":{"footnotes":""},"class_list":["post-6941","page","type-page","status-publish","hentry"],"_links":{"self":[{"href":"https:\/\/anasta.fr\/en\/wp-json\/wp\/v2\/pages\/6941","targetHints":{"allow":["GET"]}}],"collection":[{"href":"https:\/\/anasta.fr\/en\/wp-json\/wp\/v2\/pages"}],"about":[{"href":"https:\/\/anasta.fr\/en\/wp-json\/wp\/v2\/types\/page"}],"author":[{"embeddable":true,"href":"https:\/\/anasta.fr\/en\/wp-json\/wp\/v2\/users\/1"}],"replies":[{"embeddable":true,"href":"https:\/\/anasta.fr\/en\/wp-json\/wp\/v2\/comments?post=6941"}],"version-history":[{"count":3,"href":"https:\/\/anasta.fr\/en\/wp-json\/wp\/v2\/pages\/6941\/revisions"}],"predecessor-version":[{"id":6944,"href":"https:\/\/anasta.fr\/en\/wp-json\/wp\/v2\/pages\/6941\/revisions\/6944"}],"wp:attachment":[{"href":"https:\/\/anasta.fr\/en\/wp-json\/wp\/v2\/media?parent=6941"}],"curies":[{"name":"wp","href":"https:\/\/api.w.org\/{rel}","templated":true}]}}